{"id":3141,"date":"2021-12-20T21:43:28","date_gmt":"2021-12-20T20:43:28","guid":{"rendered":"https:\/\/healing-memories.lu\/?page_id=3141"},"modified":"2021-12-23T11:49:12","modified_gmt":"2021-12-23T10:49:12","slug":"guerison-des-memoires-en-afrique-francophone-les-preparatifs-se-poursuivent","status":"publish","type":"page","link":"https:\/\/healing-memories.lu\/?page_id=3141","title":{"rendered":"Gu\u00e9rison des m\u00e9moires en Afrique francophone : Les pr\u00e9paratifs se poursuivent"},"content":{"rendered":"\n<p>Le Groupe Afrique de&nbsp;Healing of Memories Luxembourg intensifie ses travaux, en collaboration avec l\u2019IHOM, en vue du&nbsp;premier programme de formation de&nbsp;facilitateurs pour l\u2019Afrique&nbsp;francophone, qui d\u00e9butera en&nbsp;juillet 2022 et qui accueillera 26&nbsp;participants de 7 pays.<\/p>\n\n\n\n<p>Du 25 novembre au 9 d\u00e9cembre 2021, deux membres du&nbsp;Groupe Afrique, Patrick&nbsp;Byrne et Javier Garcia Alves, se rendaient au Togo et au B\u00e9nin pour s\u2019entretenir avec les candidats de ces pays et&nbsp;travailler avec l\u2019\u00e9quipe de l\u2019ACAT B\u00e9nin qui accueillera la session de Cotonou.<\/p>\n\n\n\n<div class=\"wp-block-columns is-layout-flex wp-container-core-columns-is-layout-9d6595d7 wp-block-columns-is-layout-flex\">\n<div class=\"wp-block-column is-layout-flow wp-block-column-is-layout-flow\" style=\"flex-basis:100%\">\n<div class=\"wp-block-group\"><div class=\"wp-block-group__inner-container is-layout-flow wp-block-group-is-layout-flow\">\n<div class=\"wp-block-columns is-layout-flex wp-container-core-columns-is-layout-9d6595d7 wp-block-columns-is-layout-flex\">\n<div class=\"wp-block-column is-layout-flow wp-block-column-is-layout-flow\" style=\"flex-basis:100%\">\n<div class=\"wp-block-columns alignwide is-layout-flex wp-container-core-columns-is-layout-9d6595d7 wp-block-columns-is-layout-flex\">\n<div class=\"wp-block-column is-layout-flow wp-block-column-is-layout-flow\" style=\"flex-basis:50%\">\n<figure class=\"wp-block-image\"><img loading=\"lazy\" decoding=\"async\" width=\"525\" height=\"494\" src=\"https:\/\/healing-memories.lu\/wp-content\/uploads\/2021\/12\/Togo-pre-formation.png\" alt=\"\" class=\"wp-image-3147\" srcset=\"https:\/\/healing-memories.lu\/wp-content\/uploads\/2021\/12\/Togo-pre-formation.png 525w, https:\/\/healing-memories.lu\/wp-content\/uploads\/2021\/12\/Togo-pre-formation-300x282.png 300w\" sizes=\"auto, (max-width: 525px) 100vw, 525px\" \/><figcaption>S\u00e9ance de pr\u00e9formation au Togo<\/figcaption><\/figure>\n<\/div>\n\n\n\n<div class=\"wp-block-column is-vertically-aligned-center is-layout-flow wp-block-column-is-layout-flow\" style=\"flex-basis:50%\">\n<p> Au Togo, 6 participants ont suivi une journ\u00e9e de pr\u00e9formation \u00e0 Lom\u00e9 les initiant \u00e0 la m\u00e9thode de la gu\u00e9rison des&nbsp;m\u00e9moires. <\/p>\n<\/div>\n<\/div>\n\n\n\n<div class=\"wp-block-group alignwide\"><div class=\"wp-block-group__inner-container is-layout-flow wp-block-group-is-layout-flow\">\n<div class=\"wp-block-columns alignwide is-layout-flex wp-container-core-columns-is-layout-9d6595d7 wp-block-columns-is-layout-flex\">\n<div class=\"wp-block-column is-layout-flow wp-block-column-is-layout-flow\" style=\"flex-basis:40%\">\n<p>Au B\u00e9nin, une semaine plus tard, 12&nbsp;participants, de Cotonou, Porto Novo et Parakou, en ont fait de m\u00eame. Au-del\u00e0 de la pr\u00e9paration des candidats \u00e0 la formation de juillet, ces rencontres  permettent de consolider l&rsquo;esprit   d\u2019\u00e9quipe&nbsp;parmi ces personnes qui porteront le projet de gu\u00e9rison des m\u00e9moires dans leur pays.<\/p>\n<\/div>\n\n\n\n<div class=\"wp-block-column is-layout-flow wp-block-column-is-layout-flow\" style=\"flex-basis:60%\">\n<figure class=\"wp-block-image\"><img loading=\"lazy\" decoding=\"async\" width=\"618\" height=\"422\" src=\"https:\/\/healing-memories.lu\/wp-content\/uploads\/2021\/12\/Benin-pre-formation.png\" alt=\"\" class=\"wp-image-3149\" srcset=\"https:\/\/healing-memories.lu\/wp-content\/uploads\/2021\/12\/Benin-pre-formation.png 618w, https:\/\/healing-memories.lu\/wp-content\/uploads\/2021\/12\/Benin-pre-formation-300x205.png 300w\" sizes=\"auto, (max-width: 618px) 100vw, 618px\" \/><figcaption>S\u00e9ance de pr\u00e9formation au B\u00e9nin<\/figcaption><\/figure>\n<\/div>\n<\/div>\n<\/div><\/div>\n<\/div>\n<\/div>\n<\/div><\/div>\n<\/div>\n<\/div>\n\n\n\n<p>Cette visite a \u00e9galement \u00e9t\u00e9 l\u2019occasion de visiter les&nbsp;lieux pr\u00e9vus pour le programme de formation (h\u00e9bergement, s\u00e9ances de travail,&nbsp;excursions&nbsp;\u2026) avec les membres de l\u2019\u00e9quipe d\u2019accueil locale.<br><\/p>\n\n\n\n<div class=\"wp-block-columns is-layout-flex wp-container-core-columns-is-layout-9d6595d7 wp-block-columns-is-layout-flex\">\n<div class=\"wp-block-column is-layout-flow wp-block-column-is-layout-flow\" style=\"flex-basis:100%\">\n<div class=\"wp-block-group\"><div class=\"wp-block-group__inner-container is-layout-flow wp-block-group-is-layout-flow\">\n<div class=\"wp-block-image is-style-default\"><figure class=\"aligncenter size-full is-resized\"><img loading=\"lazy\" decoding=\"async\" src=\"https:\/\/healing-memories.lu\/wp-content\/uploads\/2021\/12\/T-shirt-blanc.png\" alt=\"\" class=\"wp-image-3150\" width=\"524\" height=\"695\" srcset=\"https:\/\/healing-memories.lu\/wp-content\/uploads\/2021\/12\/T-shirt-blanc.png 442w, https:\/\/healing-memories.lu\/wp-content\/uploads\/2021\/12\/T-shirt-blanc-226x300.png 226w\" sizes=\"auto, (max-width: 524px) 100vw, 524px\" \/><figcaption>En route pour la Marche du Souvenir, en compagnie de l&rsquo;ambassadrice d&rsquo;Afrique du Sud, Robina Marks<\/figcaption><\/figure><\/div>\n<\/div><\/div>\n<\/div>\n<\/div>\n\n\n\n<p>Patrick et Javier ont \u00e9galement pu s\u2019entretenir avec trois personnalit\u00e9s qui ont accept\u00e9 de faire partie du Comit\u00e9 de patronage de la session de juillet prochain :&nbsp;l\u2019Ambassadrice d\u2019Afrique du Sud au B\u00e9nin et au Togo, l\u2019Archev\u00eaque de Cotonou et le&nbsp;M\u00e9diateur de la R\u00e9publique du B\u00e9nin. Le 1er d\u00e9cembre, ils ont pu participer \u00e0 une Marche du Souvenir, organis\u00e9e par l\u2019ambassadrice, sur la Route des Esclaves, \u00e0&nbsp;Ouidah, pour marquer l\u2019anniversaire de l\u2019abolition de l\u2019esclavage en Afrique du Sud.<\/p>\n\n\n\n<div class=\"wp-block-image\"><figure class=\"aligncenter size-full is-resized\"><img loading=\"lazy\" decoding=\"async\" src=\"https:\/\/healing-memories.lu\/wp-content\/uploads\/2021\/12\/Benin-atelier.png\" alt=\"\" class=\"wp-image-3146\" width=\"666\" height=\"498\" srcset=\"https:\/\/healing-memories.lu\/wp-content\/uploads\/2021\/12\/Benin-atelier.png 590w, https:\/\/healing-memories.lu\/wp-content\/uploads\/2021\/12\/Benin-atelier-300x224.png 300w\" sizes=\"auto, (max-width: 666px) 100vw, 666px\" \/><figcaption> Les&nbsp;participants b\u00e9ninois font l\u2019exp\u00e9rience d\u2019un&nbsp;atelier de&nbsp;gu\u00e9rison des m\u00e9moires <\/figcaption><\/figure><\/div>\n\n\n\n<p>(Groupe Afrique : Patrick Byrne, Esm\u00e9ralda Chupin, Javier Garcia Alves, Christian Kashemwa, Valdemar Santos)<\/p>\n","protected":false},"excerpt":{"rendered":"<p>Le Groupe Afrique de&nbsp;Healing of Memories Luxembourg intensifie ses travaux, en collaboration avec l\u2019IHOM, en vue du&nbsp;premier programme de formation de&nbsp;facilitateurs pour l\u2019Afrique&nbsp;francophone, qui d\u00e9butera [&#8230;]<\/p>\n","protected":false},"author":4,"featured_media":0,"parent":0,"menu_order":0,"comment_status":"closed","ping_status":"closed","template":"","meta":{"footnotes":""},"folder":[],"class_list":["post-3141","page","type-page","status-publish","hentry"],"aioseo_notices":[],"_links":{"self":[{"href":"https:\/\/healing-memories.lu\/index.php?rest_route=\/wp\/v2\/pages\/3141","targetHints":{"allow":["GET"]}}],"collection":[{"href":"https:\/\/healing-memories.lu\/index.php?rest_route=\/wp\/v2\/pages"}],"about":[{"href":"https:\/\/healing-memories.lu\/index.php?rest_route=\/wp\/v2\/types\/page"}],"author":[{"embeddable":true,"href":"https:\/\/healing-memories.lu\/index.php?rest_route=\/wp\/v2\/users\/4"}],"replies":[{"embeddable":true,"href":"https:\/\/healing-memories.lu\/index.php?rest_route=%2Fwp%2Fv2%2Fcomments&post=3141"}],"version-history":[{"count":6,"href":"https:\/\/healing-memories.lu\/index.php?rest_route=\/wp\/v2\/pages\/3141\/revisions"}],"predecessor-version":[{"id":3169,"href":"https:\/\/healing-memories.lu\/index.php?rest_route=\/wp\/v2\/pages\/3141\/revisions\/3169"}],"wp:attachment":[{"href":"https:\/\/healing-memories.lu\/index.php?rest_route=%2Fwp%2Fv2%2Fmedia&parent=3141"}],"wp:term":[{"taxonomy":"folder","embeddable":true,"href":"https:\/\/healing-memories.lu\/index.php?rest_route=%2Fwp%2Fv2%2Ffolder&post=3141"}],"curies":[{"name":"wp","href":"https:\/\/api.w.org\/{rel}","templated":true}]}}