{"id":3486,"date":"2022-06-15T12:53:13","date_gmt":"2022-06-15T11:53:13","guid":{"rendered":"https:\/\/healing-memories.lu\/?page_id=3486"},"modified":"2024-06-21T13:26:56","modified_gmt":"2024-06-21T12:26:56","slug":"travaux-prealables","status":"publish","type":"page","link":"https:\/\/healing-memories.lu\/?page_id=3486","title":{"rendered":"Travaux de r\u00e9flexion pr\u00e9alables &#8211; Session de Cotonou"},"content":{"rendered":"\n<p>De janvier \u00e0 fin juin 2022, les participants de chacun des 7 pays d&rsquo;Afrique francophone concern\u00e9s ont men\u00e9 des travaux de r\u00e9flexion sur le th\u00e8me des blessures collectives, sur base d&rsquo;un <a href=\"https:\/\/healing-memories.lu\/wp-content\/uploads\/2022\/06\/QUESTIONNAIRE.pdf\" target=\"_blank\" rel=\"noreferrer noopener\">questionnaire<\/a>. <\/p>\n\n\n<div class=\"wp-block-image is-style-rounded\">\n<figure class=\"aligncenter size-full is-resized\"><img loading=\"lazy\" decoding=\"async\" width=\"506\" height=\"631\" src=\"https:\/\/healing-memories.lu\/wp-content\/uploads\/2022\/06\/Reflexion-Afrique.jpg\" alt=\"\" class=\"wp-image-3624\" style=\"width:380px;height:473px\" srcset=\"https:\/\/healing-memories.lu\/wp-content\/uploads\/2022\/06\/Reflexion-Afrique.jpg 506w, https:\/\/healing-memories.lu\/wp-content\/uploads\/2022\/06\/Reflexion-Afrique-241x300.jpg 241w\" sizes=\"auto, (max-width: 506px) 100vw, 506px\" \/><\/figure>\n<\/div>\n\n\n<p>Les fruits de leurs r\u00e9flexions sont publi\u00e9s ci-dessous.<\/p>\n\n\n\n<p class=\"has-text-align-left has-medium-font-size\"><strong><mark style=\"background-color:rgba(0, 0, 0, 0)\" class=\"has-inline-color has-secondary-color\">S\u00e9n\u00e9gal<\/mark><\/strong><\/p>\n\n\n\n<div class=\"wp-block-columns is-layout-flex wp-container-core-columns-is-layout-9d6595d7 wp-block-columns-is-layout-flex\">\n<div class=\"wp-block-column is-layout-flow wp-block-column-is-layout-flow\" style=\"flex-basis:100%\">\n<div class=\"wp-block-group alignwide\"><div class=\"wp-block-group__inner-container is-layout-flow wp-block-group-is-layout-flow\">\n<div class=\"wp-block-media-text alignwide is-stacked-on-mobile\" style=\"grid-template-columns:39% auto\"><figure class=\"wp-block-media-text__media\"><img loading=\"lazy\" decoding=\"async\" width=\"800\" height=\"533\" src=\"https:\/\/healing-memories.lu\/wp-content\/uploads\/2022\/06\/Le_Joola_at_Ziguinchor_1991.jpg\" alt=\"\" class=\"wp-image-3544 size-full\" srcset=\"https:\/\/healing-memories.lu\/wp-content\/uploads\/2022\/06\/Le_Joola_at_Ziguinchor_1991.jpg 800w, https:\/\/healing-memories.lu\/wp-content\/uploads\/2022\/06\/Le_Joola_at_Ziguinchor_1991-300x200.jpg 300w, https:\/\/healing-memories.lu\/wp-content\/uploads\/2022\/06\/Le_Joola_at_Ziguinchor_1991-768x512.jpg 768w\" sizes=\"auto, (max-width: 800px) 100vw, 800px\" \/><\/figure><div class=\"wp-block-media-text__content\">\n<p class=\"has-text-align-left\" style=\"font-size:20px\"><em>\u00ab\u00a0La trag\u00e9die du naufrage du bateau Le Joola, le 26 septembre 2002, ayant occasionn\u00e9 1863 morts&nbsp;est l\u2019une des pires blessures que connait mon pays.\u00a0\u00bb<\/em><\/p>\n\n\n\n<div class=\"wp-block-buttons is-layout-flex wp-block-buttons-is-layout-flex\">\n<div class=\"wp-block-button\"><a class=\"wp-block-button__link wp-element-button\" href=\"https:\/\/healing-memories.lu\/?page_id=3513\">lire la suite &gt;&gt;<\/a><\/div>\n<\/div>\n<\/div><\/div>\n<\/div><\/div>\n<\/div>\n<\/div>\n\n\n\n<p class=\"has-text-align-left has-medium-font-size\"><strong><mark style=\"background-color:rgba(0, 0, 0, 0)\" class=\"has-inline-color has-secondary-color\">C\u00f4te d&rsquo;Ivoire<\/mark><\/strong><\/p>\n\n\n\n<div class=\"wp-block-media-text alignwide has-media-on-the-right is-stacked-on-mobile\" style=\"grid-template-columns:auto 38%\"><div class=\"wp-block-media-text__content\">\n<p><em>\u00ab\u00a0Ces blessures se manifestent par la m\u00e9fiance au sein de la population, la psychose qui se traduit par la peur, la m\u00e9chancet\u00e9, l\u2019injustice, le tribalisme, le n\u00e9potisme, l\u2019exil, le silence des victimes, la frustration, l\u2019esprit de revanche.<br>Nous sommes tous touch\u00e9s par toutes ces blessures.\u00a0\u00bb<\/em><\/p>\n\n\n\n<div class=\"wp-block-buttons is-layout-flex wp-block-buttons-is-layout-flex\">\n<div class=\"wp-block-button\"><a class=\"wp-block-button__link wp-element-button\" href=\"https:\/\/healing-memories.lu\/?page_id=3507\">lire la suite &gt;&gt;<\/a><\/div>\n<\/div>\n<\/div><figure class=\"wp-block-media-text__media\"><img loading=\"lazy\" decoding=\"async\" width=\"275\" height=\"183\" src=\"https:\/\/healing-memories.lu\/wp-content\/uploads\/2022\/06\/Cote-dIvoire-1.jpg\" alt=\"\" class=\"wp-image-3575 size-full\"\/><\/figure><\/div>\n\n\n\n<p class=\"has-text-align-left has-medium-font-size\"><strong><mark style=\"background-color:rgba(0, 0, 0, 0)\" class=\"has-inline-color has-secondary-color\">Burkina Faso<\/mark><\/strong><\/p>\n\n\n\n<div class=\"wp-block-columns is-layout-flex wp-container-core-columns-is-layout-9d6595d7 wp-block-columns-is-layout-flex\">\n<div class=\"wp-block-column is-layout-flow wp-block-column-is-layout-flow\" style=\"flex-basis:100%\">\n<div class=\"wp-block-group alignwide\"><div class=\"wp-block-group__inner-container is-layout-flow wp-block-group-is-layout-flow\">\n<div class=\"wp-block-media-text alignwide is-stacked-on-mobile\" style=\"grid-template-columns:51% auto\"><figure class=\"wp-block-media-text__media\"><img loading=\"lazy\" decoding=\"async\" width=\"1008\" height=\"756\" src=\"https:\/\/healing-memories.lu\/wp-content\/uploads\/2022\/06\/Burkina-2-1.jpg\" alt=\"\" class=\"wp-image-3647 size-full\" srcset=\"https:\/\/healing-memories.lu\/wp-content\/uploads\/2022\/06\/Burkina-2-1.jpg 1008w, https:\/\/healing-memories.lu\/wp-content\/uploads\/2022\/06\/Burkina-2-1-300x225.jpg 300w, https:\/\/healing-memories.lu\/wp-content\/uploads\/2022\/06\/Burkina-2-1-768x576.jpg 768w\" sizes=\"auto, (max-width: 1008px) 100vw, 1008px\" \/><\/figure><div class=\"wp-block-media-text__content\">\n<p style=\"font-size:20px\"><em>\u00ab\u00a0Actuellement le Burkina Faso traverse une crise s\u00e9curitaire et humanitaire sans pr\u00e9c\u00e9dent avec son corollaire de millions de personnes d\u00e9plac\u00e9es internes DPI , des victimes de violences, de veuves et d&rsquo;orphelins, de bless\u00e9s, d&rsquo;enfants descolaris\u00e9s&#8230;\u00a0\u00bb<\/em><\/p>\n\n\n\n<div class=\"wp-block-buttons is-layout-flex wp-block-buttons-is-layout-flex\">\n<div class=\"wp-block-button\"><a class=\"wp-block-button__link wp-element-button\" href=\"https:\/\/healing-memories.lu\/?page_id=3505\">lire la suite &gt;&gt;<\/a><\/div>\n<\/div>\n<\/div><\/div>\n<\/div><\/div>\n<\/div>\n<\/div>\n\n\n\n<p class=\"has-text-align-left has-medium-font-size\"><strong><mark style=\"background-color:rgba(0, 0, 0, 0)\" class=\"has-inline-color has-secondary-color\">Mali <\/mark><\/strong><\/p>\n\n\n\n<div class=\"wp-block-group alignwide\"><div class=\"wp-block-group__inner-container is-layout-flow wp-block-group-is-layout-flow\">\n<div class=\"wp-block-media-text alignwide has-media-on-the-right is-stacked-on-mobile\"><div class=\"wp-block-media-text__content\">\n<p style=\"font-size:20px\"><em>\u00ab\u00a0Un jour, des hommes arm\u00e9s sont rentr\u00e9s dans notre contr\u00e9, tirant partout, tuant beaucoup de gens, et aussi violant nos m\u00e8res, s\u0153urs et tantes. Cela reste toujours douloureux puisque certains ne savent m\u00eame pas, jusqu&rsquo;\u00e0 pr\u00e9sent, o\u00f9 se trouve le corps de leur disparu.\u00a0\u00bb<\/em><\/p>\n\n\n\n<div class=\"wp-block-buttons is-layout-flex wp-block-buttons-is-layout-flex\">\n<div class=\"wp-block-button\"><a class=\"wp-block-button__link wp-element-button\" href=\"https:\/\/healing-memories.lu\/?page_id=3509\">lire la suite &gt;&gt;<\/a><\/div>\n<\/div>\n<\/div><figure class=\"wp-block-media-text__media\"><img loading=\"lazy\" decoding=\"async\" width=\"1024\" height=\"768\" src=\"https:\/\/healing-memories.lu\/wp-content\/uploads\/2022\/06\/Dessin-1-Mali-1024x768.jpg\" alt=\"\" class=\"wp-image-3664 size-full\" srcset=\"https:\/\/healing-memories.lu\/wp-content\/uploads\/2022\/06\/Dessin-1-Mali-1024x768.jpg 1024w, https:\/\/healing-memories.lu\/wp-content\/uploads\/2022\/06\/Dessin-1-Mali-300x225.jpg 300w, https:\/\/healing-memories.lu\/wp-content\/uploads\/2022\/06\/Dessin-1-Mali-768x576.jpg 768w, https:\/\/healing-memories.lu\/wp-content\/uploads\/2022\/06\/Dessin-1-Mali-1536x1152.jpg 1536w, https:\/\/healing-memories.lu\/wp-content\/uploads\/2022\/06\/Dessin-1-Mali-2048x1536.jpg 2048w, https:\/\/healing-memories.lu\/wp-content\/uploads\/2022\/06\/Dessin-1-Mali-1320x990.jpg 1320w\" sizes=\"auto, (max-width: 1024px) 100vw, 1024px\" \/><\/figure><\/div>\n<\/div><\/div>\n\n\n\n<div class=\"wp-block-columns is-layout-flex wp-container-core-columns-is-layout-9d6595d7 wp-block-columns-is-layout-flex\">\n<div class=\"wp-block-column is-layout-flow wp-block-column-is-layout-flow\"><\/div>\n<\/div>\n\n\n\n<p class=\"has-medium-font-size\"><strong><mark style=\"background-color:rgba(0, 0, 0, 0)\" class=\"has-inline-color has-secondary-color\">B\u00e9nin<\/mark><\/strong><\/p>\n\n\n\n<div class=\"wp-block-columns is-layout-flex wp-container-core-columns-is-layout-9d6595d7 wp-block-columns-is-layout-flex\">\n<div class=\"wp-block-column is-layout-flow wp-block-column-is-layout-flow\" style=\"flex-basis:100%\">\n<div class=\"wp-block-group alignwide\"><div class=\"wp-block-group__inner-container is-layout-flow wp-block-group-is-layout-flow\">\n<div class=\"wp-block-media-text alignwide is-stacked-on-mobile\" style=\"grid-template-columns:39% auto\"><figure class=\"wp-block-media-text__media\"><img loading=\"lazy\" decoding=\"async\" width=\"661\" height=\"654\" src=\"https:\/\/healing-memories.lu\/wp-content\/uploads\/2022\/06\/Benin-Photo-Sossou-1.jpg\" alt=\"\" class=\"wp-image-3585 size-full\" srcset=\"https:\/\/healing-memories.lu\/wp-content\/uploads\/2022\/06\/Benin-Photo-Sossou-1.jpg 661w, https:\/\/healing-memories.lu\/wp-content\/uploads\/2022\/06\/Benin-Photo-Sossou-1-300x297.jpg 300w, https:\/\/healing-memories.lu\/wp-content\/uploads\/2022\/06\/Benin-Photo-Sossou-1-110x110.jpg 110w\" sizes=\"auto, (max-width: 661px) 100vw, 661px\" \/><\/figure><div class=\"wp-block-media-text__content\">\n<p style=\"font-size:20px\"><em>\u00ab\u00a0En termes de blessures, le B\u00e9nin est divis\u00e9. La division constitue une blessure. Il y a \u00e9galement plusieurs autres blessures en termes de corruption, de d\u00e9tournement de fonds, de favoritisme,  de ran\u00e7onnement.\u00a0\u00bb<\/em><\/p>\n\n\n\n<div class=\"wp-block-buttons is-layout-flex wp-block-buttons-is-layout-flex\">\n<div class=\"wp-block-button\"><a class=\"wp-block-button__link wp-element-button\" href=\"https:\/\/healing-memories.lu\/?page_id=3503\">lire la suite &gt;&gt;<\/a><\/div>\n<\/div>\n<\/div><\/div>\n<\/div><\/div>\n<\/div>\n<\/div>\n\n\n\n<div style=\"height:34px\" aria-hidden=\"true\" class=\"wp-block-spacer\"><\/div>\n\n\n\n<p class=\"has-medium-font-size\"><strong><mark style=\"background-color:rgba(0, 0, 0, 0)\" class=\"has-inline-color has-secondary-color\">R\u00e9publique d\u00e9mocratique du Congo<\/mark><\/strong><\/p>\n\n\n\n<div class=\"wp-block-media-text alignwide has-media-on-the-right is-stacked-on-mobile\"><div class=\"wp-block-media-text__content\">\n<p style=\"font-size:20px\"><em>\u00ab\u00a0Depuis plus de deux d\u00e9cennies, le viol est devenu une arme de guerre en RDC.\u00a0\u00bb<\/em><\/p>\n\n\n\n<div class=\"wp-block-buttons is-layout-flex wp-block-buttons-is-layout-flex\">\n<div class=\"wp-block-button\"><a class=\"wp-block-button__link wp-element-button\" href=\"https:\/\/healing-memories.lu\/?page_id=3511\">lire la suite &gt;&gt;<\/a><\/div>\n<\/div>\n<\/div><figure class=\"wp-block-media-text__media\"><img loading=\"lazy\" decoding=\"async\" width=\"500\" height=\"300\" src=\"https:\/\/healing-memories.lu\/wp-content\/uploads\/2022\/07\/Victime-de-viol.jpg\" alt=\"\" class=\"wp-image-3756 size-full\" srcset=\"https:\/\/healing-memories.lu\/wp-content\/uploads\/2022\/07\/Victime-de-viol.jpg 500w, https:\/\/healing-memories.lu\/wp-content\/uploads\/2022\/07\/Victime-de-viol-300x180.jpg 300w\" sizes=\"auto, (max-width: 500px) 100vw, 500px\" \/><\/figure><\/div>\n\n\n\n<div style=\"height:24px\" aria-hidden=\"true\" class=\"wp-block-spacer\"><\/div>\n\n\n\n<p class=\"has-medium-font-size\"><strong><mark style=\"background-color:rgba(0, 0, 0, 0)\" class=\"has-inline-color has-secondary-color\">Togo<\/mark><\/strong><\/p>\n\n\n\n<div class=\"wp-block-media-text alignwide is-stacked-on-mobile\" style=\"grid-template-columns:39% auto\"><figure class=\"wp-block-media-text__media\"><img loading=\"lazy\" decoding=\"async\" width=\"410\" height=\"410\" src=\"https:\/\/healing-memories.lu\/wp-content\/uploads\/2022\/07\/BRUNO-1.jpg\" alt=\"\" class=\"wp-image-4013 size-full\" srcset=\"https:\/\/healing-memories.lu\/wp-content\/uploads\/2022\/07\/BRUNO-1.jpg 410w, https:\/\/healing-memories.lu\/wp-content\/uploads\/2022\/07\/BRUNO-1-300x300.jpg 300w, https:\/\/healing-memories.lu\/wp-content\/uploads\/2022\/07\/BRUNO-1-150x150.jpg 150w, https:\/\/healing-memories.lu\/wp-content\/uploads\/2022\/07\/BRUNO-1-400x400.jpg 400w, https:\/\/healing-memories.lu\/wp-content\/uploads\/2022\/07\/BRUNO-1-110x110.jpg 110w\" sizes=\"auto, (max-width: 410px) 100vw, 410px\" \/><\/figure><div class=\"wp-block-media-text__content\">\n<p style=\"font-size:20px\"><em>\u00ab&nbsp;La violation des droits de l\u2019homme, le d\u00e9ni de la d\u00e9mocratie, le discours de certains acteurs politiques, les manifestations pacifiques publiques non autoris\u00e9es, les conflits fonciers constituent les comportements sociaux et politiques qui provoquent encore des blessures.&nbsp;\u00bb<\/em><\/p>\n\n\n\n<div class=\"wp-block-buttons is-layout-flex wp-block-buttons-is-layout-flex\">\n<div class=\"wp-block-button\"><a class=\"wp-block-button__link wp-element-button\" href=\"https:\/\/healing-memories.lu\/?page_id=3515\">lire la suite &gt;&gt;<\/a><\/div>\n<\/div>\n<\/div><\/div>\n","protected":false},"excerpt":{"rendered":"<p>De janvier \u00e0 fin juin 2022, les participants de chacun des 7 pays d&rsquo;Afrique francophone concern\u00e9s ont men\u00e9 des travaux de r\u00e9flexion sur le th\u00e8me [&#8230;]<\/p>\n","protected":false},"author":1,"featured_media":0,"parent":0,"menu_order":0,"comment_status":"closed","ping_status":"closed","template":"","meta":{"footnotes":""},"folder":[],"class_list":["post-3486","page","type-page","status-publish","hentry"],"aioseo_notices":[],"_links":{"self":[{"href":"https:\/\/healing-memories.lu\/index.php?rest_route=\/wp\/v2\/pages\/3486","targetHints":{"allow":["GET"]}}],"collection":[{"href":"https:\/\/healing-memories.lu\/index.php?rest_route=\/wp\/v2\/pages"}],"about":[{"href":"https:\/\/healing-memories.lu\/index.php?rest_route=\/wp\/v2\/types\/page"}],"author":[{"embeddable":true,"href":"https:\/\/healing-memories.lu\/index.php?rest_route=\/wp\/v2\/users\/1"}],"replies":[{"embeddable":true,"href":"https:\/\/healing-memories.lu\/index.php?rest_route=%2Fwp%2Fv2%2Fcomments&post=3486"}],"version-history":[{"count":38,"href":"https:\/\/healing-memories.lu\/index.php?rest_route=\/wp\/v2\/pages\/3486\/revisions"}],"predecessor-version":[{"id":5450,"href":"https:\/\/healing-memories.lu\/index.php?rest_route=\/wp\/v2\/pages\/3486\/revisions\/5450"}],"wp:attachment":[{"href":"https:\/\/healing-memories.lu\/index.php?rest_route=%2Fwp%2Fv2%2Fmedia&parent=3486"}],"wp:term":[{"taxonomy":"folder","embeddable":true,"href":"https:\/\/healing-memories.lu\/index.php?rest_route=%2Fwp%2Fv2%2Ffolder&post=3486"}],"curies":[{"name":"wp","href":"https:\/\/api.w.org\/{rel}","templated":true}]}}